{"id":8661,"date":"2021-04-13T09:15:47","date_gmt":"2021-04-13T07:15:47","guid":{"rendered":"https:\/\/adriatik-kamp.com\/smjestaj\/"},"modified":"2026-04-21T19:53:01","modified_gmt":"2026-04-21T17:53:01","slug":"szallas","status":"publish","type":"page","link":"https:\/\/adriatik-kamp.com\/hu\/szallas\/","title":{"rendered":"Sz\u00e1ll\u00e1s"},"content":{"rendered":"<div class=\"wpb-content-wrapper\"><p>[vc_row row_height_percent=&#8221;0&#8243; override_padding=&#8221;yes&#8221; h_padding=&#8221;2&#8243; top_padding=&#8221;3&#8243; bottom_padding=&#8221;2&#8243; overlay_alpha=&#8221;50&#8243; gutter_size=&#8221;3&#8243; column_width_percent=&#8221;100&#8243; shift_y=&#8221;0&#8243; z_index=&#8221;0&#8243;][vc_column column_width_percent=&#8221;100&#8243; gutter_size=&#8221;2&#8243; back_color=&#8221;color-207971&#8243; overlay_alpha=&#8221;50&#8243; border_color=&#8221;color-platinum&#8221; border_style=&#8221;solid&#8221; shift_x=&#8221;0&#8243; shift_y=&#8221;0&#8243; shift_y_down=&#8221;0&#8243; z_index=&#8221;0&#8243; medium_width=&#8221;0&#8243; mobile_width=&#8221;0&#8243; width=&#8221;1\/1&#8243; css=&#8221;.vc_custom_1618225949471{border-left-width: 2px !important;}&#8221;][uncode_breadcrumbs text_lead=&#8221;small&#8221;][vc_custom_heading auto_text=&#8221;yes&#8221; heading_semantic=&#8221;h1&#8243; text_size=&#8221;h1&#8243; text_weight=&#8221;700&#8243;]This is a custom heading element.[\/vc_custom_heading][vc_column_text uncode_shortcode_id=&#8221;120671&#8243;]A Kemping Adriatic kempingben mindenf\u00e9le nyaral\u00e1si st\u00edlushoz megfelel\u0151 sz\u00e1ll\u00e1slehet\u0151s\u00e9geket k\u00edn\u00e1lunk \u2013 a t\u00e1gas kempinghelyekt\u0151l \u00e9s s\u00e1torz\u00f3n\u00e1kt\u00f3l a modern, k\u00e9nyelmes mobilh\u00e1zakig. Minden helysz\u00edn t\u00f6k\u00e9letes kombin\u00e1ci\u00f3j\u00e1t k\u00edn\u00e1lja a mag\u00e1n\u00e9letnek, a k\u00e9nyelemnek \u00e9s a tenger k\u00f6zvetlen k\u00f6zels\u00e9g\u00e9nek, \u00e9rintetlen term\u00e9szet \u00e9s a F\u00f6ldk\u00f6zi-tenger illatai veszik k\u00f6r\u00fcl.<\/p>\n<p>Ak\u00e1r a kemping jobb oldal\u00e1n tal\u00e1lhat\u00f3 mobilh\u00e1zakat, a szikl\u00e1kra \u00e9p\u00fclt, panor\u00e1m\u00e1s kil\u00e1t\u00e1ssal rendelkez\u0151 Cliff mobilh\u00e1zakat, ak\u00e1r a v\u00edzparti deluxe \u00e9s premium kempinghelyeket v\u00e1lasztja, minden tart\u00f3zkod\u00e1s felejthetetlen \u00e9lm\u00e9nyt, pihen\u00e9st \u00e9s autentikus dalm\u00e1t var\u00e1zst \u00edg\u00e9r.<\/p>\n<p>Itt a term\u00e9szet \u00e9s a k\u00e9nyelem tal\u00e1lkozik, \u00e9s csal\u00e1doknak, p\u00e1roknak \u00e9s bar\u00e1ti t\u00e1rsas\u00e1goknak t\u00f6k\u00e9letes k\u00f6rnyezetet k\u00edn\u00e1l tart\u00f3s eml\u00e9kek megalkot\u00e1s\u00e1hoz.[\/vc_column_text][\/vc_column][\/vc_row][vc_row row_height_percent=&#8221;0&#8243; override_padding=&#8221;yes&#8221; h_padding=&#8221;2&#8243; top_padding=&#8221;2&#8243; bottom_padding=&#8221;0&#8243; overlay_alpha=&#8221;50&#8243; equal_height=&#8221;yes&#8221; gutter_size=&#8221;3&#8243; column_width_percent=&#8221;100&#8243; shift_y=&#8221;0&#8243; z_index=&#8221;0&#8243; content_parallax=&#8221;0&#8243; uncode_shortcode_id=&#8221;125059&#8243;][vc_column width=&#8221;1\/2&#8243;][vc_single_image media=&#8221;6418&#8243; media_width_percent=&#8221;100&#8243; media_ratio=&#8221;four-three&#8221; shape=&#8221;img-round&#8221; radius=&#8221;std&#8221; advanced=&#8221;yes&#8221; media_items=&#8221;media|original&#8221; media_overlay_color=&#8221;color-jevc&#8221; media_overlay_coloration=&#8221;bottom_gradient&#8221; media_overlay_opacity=&#8221;60&#8243; media_overlay_visible=&#8221;yes&#8221; media_overlay_anim=&#8221;no&#8221; media_text_visible=&#8221;yes&#8221; media_text_anim=&#8221;no&#8221; media_v_position=&#8221;bottom&#8221; media_padding=&#8221;2&#8243; media_title_dimension=&#8221;h1&#8243; media_title_custom=&#8221;Mobile Homes&#8221; media_link=&#8221;url:https%3A%2F%2Fadriatik-kamp.com%2Fhu%2Fmobilhazak-kilatassal-a-kempingre%2F|title:Mobilne%20ku%C4%87ice%20s%20pogledom%20na%20kamp&#8221; uncode_shortcode_id=&#8221;199078&#8243; media_overlay_color_type=&#8221;uncode-palette&#8221; title=&#8221;Mobilh\u00e1zak kil\u00e1t\u00e1ssal a kempingre&#8221;][\/vc_column][vc_column width=&#8221;1\/2&#8243;][vc_single_image media=&#8221;7349&#8243; media_width_percent=&#8221;100&#8243; media_ratio=&#8221;four-three&#8221; shape=&#8221;img-round&#8221; radius=&#8221;std&#8221; advanced=&#8221;yes&#8221; media_items=&#8221;media|original&#8221; media_overlay_color=&#8221;color-jevc&#8221; media_overlay_coloration=&#8221;bottom_gradient&#8221; media_overlay_opacity=&#8221;60&#8243; media_overlay_visible=&#8221;yes&#8221; media_overlay_anim=&#8221;no&#8221; media_text_visible=&#8221;yes&#8221; media_text_anim=&#8221;no&#8221; media_v_position=&#8221;bottom&#8221; media_padding=&#8221;2&#8243; media_title_dimension=&#8221;h1&#8243; media_title_custom=&#8221;CLIFF (PREMIUM) MOBILE HOMES&#8221; media_link=&#8221;url:https%3A%2F%2Fadriatik-kamp.com%2Fhu%2Fmobilhazak-tengerre-nezo-kilatassal%2F|title:Mobile%20Homes&#8221; uncode_shortcode_id=&#8221;537287&#8243; media_overlay_color_type=&#8221;uncode-palette&#8221; title=&#8221;Mobilh\u00e1zak tengerre n\u00e9z\u0151 kil\u00e1t\u00e1ssal&#8221;][\/vc_column][\/vc_row][vc_row row_height_percent=&#8221;0&#8243; override_padding=&#8221;yes&#8221; h_padding=&#8221;2&#8243; top_padding=&#8221;2&#8243; bottom_padding=&#8221;4&#8243; overlay_alpha=&#8221;50&#8243; equal_height=&#8221;yes&#8221; gutter_size=&#8221;3&#8243; column_width_percent=&#8221;100&#8243; shift_y=&#8221;0&#8243; z_index=&#8221;0&#8243;][vc_column width=&#8221;1\/2&#8243;][vc_single_image media=&#8221;7434&#8243; media_width_percent=&#8221;100&#8243; media_ratio=&#8221;four-three&#8221; shape=&#8221;img-round&#8221; radius=&#8221;std&#8221; advanced=&#8221;yes&#8221; media_items=&#8221;media|original&#8221; media_overlay_color=&#8221;color-jevc&#8221; media_overlay_coloration=&#8221;bottom_gradient&#8221; media_overlay_opacity=&#8221;60&#8243; media_overlay_visible=&#8221;yes&#8221; media_overlay_anim=&#8221;no&#8221; media_text_visible=&#8221;yes&#8221; media_text_anim=&#8221;no&#8221; media_v_position=&#8221;bottom&#8221; media_padding=&#8221;2&#8243; media_title_dimension=&#8221;h1&#8243; media_title_custom=&#8221;PITCHES&#8221; media_link=&#8221;url:https%3A%2F%2Fadriatik-kamp.com%2Fhu%2Fcliff-mobilhazak-tengerre-nezo-kilatassal%2F|title:Mobile%20Homes&#8221; uncode_shortcode_id=&#8221;125902&#8243; media_overlay_color_type=&#8221;uncode-palette&#8221; title=&#8221;Cliff mobilh\u00e1zak tengerre n\u00e9z\u0151 kil\u00e1t\u00e1ssal&#8221;][\/vc_column][vc_column column_width_percent=&#8221;100&#8243; gutter_size=&#8221;3&#8243; overlay_alpha=&#8221;50&#8243; shift_x=&#8221;0&#8243; shift_y=&#8221;0&#8243; shift_y_down=&#8221;0&#8243; z_index=&#8221;0&#8243; medium_visibility=&#8221;yes&#8221; medium_width=&#8221;0&#8243; mobile_visibility=&#8221;yes&#8221; mobile_width=&#8221;0&#8243; width=&#8221;1\/2&#8243; uncode_shortcode_id=&#8221;213212&#8243;][vc_single_image media=&#8221;7540&#8243; media_width_percent=&#8221;100&#8243; media_ratio=&#8221;four-three&#8221; shape=&#8221;img-round&#8221; radius=&#8221;std&#8221; advanced=&#8221;yes&#8221; media_items=&#8221;media|original&#8221; media_overlay_color=&#8221;color-jevc&#8221; media_overlay_coloration=&#8221;bottom_gradient&#8221; media_overlay_opacity=&#8221;60&#8243; media_overlay_visible=&#8221;yes&#8221; media_overlay_anim=&#8221;no&#8221; media_text_visible=&#8221;yes&#8221; media_text_anim=&#8221;no&#8221; media_v_position=&#8221;bottom&#8221; media_padding=&#8221;2&#8243; media_title_dimension=&#8221;h1&#8243; media_title_custom=&#8221;PITCHES&#8221; media_link=&#8221;url:https%3A%2F%2Fadriatik-kamp.com%2Fhu%2Fmobilhazak-a-tengerparton%2F|title:Mobile%20Homes&#8221; uncode_shortcode_id=&#8221;136619&#8243; media_overlay_color_type=&#8221;uncode-palette&#8221; title=&#8221;Mobilh\u00e1zak a tengerparton&#8221;][\/vc_column][\/vc_row][vc_row row_height_percent=&#8221;0&#8243; override_padding=&#8221;yes&#8221; h_padding=&#8221;2&#8243; top_padding=&#8221;2&#8243; bottom_padding=&#8221;4&#8243; overlay_alpha=&#8221;50&#8243; equal_height=&#8221;yes&#8221; gutter_size=&#8221;3&#8243; column_width_percent=&#8221;100&#8243; shift_y=&#8221;0&#8243; z_index=&#8221;0&#8243;][vc_column width=&#8221;1\/2&#8243;][vc_single_image media=&#8221;7639&#8243; media_width_percent=&#8221;100&#8243; media_ratio=&#8221;four-three&#8221; shape=&#8221;img-round&#8221; radius=&#8221;std&#8221; advanced=&#8221;yes&#8221; media_items=&#8221;media|original&#8221; media_overlay_color=&#8221;color-jevc&#8221; media_overlay_coloration=&#8221;bottom_gradient&#8221; media_overlay_opacity=&#8221;60&#8243; media_overlay_visible=&#8221;yes&#8221; media_overlay_anim=&#8221;no&#8221; media_text_visible=&#8221;yes&#8221; media_text_anim=&#8221;no&#8221; media_v_position=&#8221;bottom&#8221; media_padding=&#8221;2&#8243; media_title_dimension=&#8221;h1&#8243; media_title_custom=&#8221;PITCHES&#8221; media_link=&#8221;url:https%3A%2F%2Fadriatik-kamp.com%2Fhu%2Fcliff-mobilhaz-tengerre-nezo-kilatassal-21%2F|title:Mobile%20Homes&#8221; uncode_shortcode_id=&#8221;192555&#8243; media_overlay_color_type=&#8221;uncode-palette&#8221; title=&#8221;Cliff mobilh\u00e1z tengerre n\u00e9z\u0151 kil\u00e1t\u00e1ssal (2+1)&#8221;][\/vc_column][vc_column column_width_percent=&#8221;100&#8243; gutter_size=&#8221;3&#8243; overlay_alpha=&#8221;50&#8243; shift_x=&#8221;0&#8243; shift_y=&#8221;0&#8243; shift_y_down=&#8221;0&#8243; z_index=&#8221;0&#8243; medium_visibility=&#8221;yes&#8221; medium_width=&#8221;0&#8243; mobile_visibility=&#8221;yes&#8221; mobile_width=&#8221;0&#8243; width=&#8221;1\/2&#8243; uncode_shortcode_id=&#8221;213212&#8243;][vc_single_image media=&#8221;7681&#8243; media_width_percent=&#8221;100&#8243; media_ratio=&#8221;four-three&#8221; shape=&#8221;img-round&#8221; radius=&#8221;std&#8221; advanced=&#8221;yes&#8221; media_items=&#8221;media|original&#8221; media_overlay_color=&#8221;color-jevc&#8221; media_overlay_coloration=&#8221;bottom_gradient&#8221; media_overlay_opacity=&#8221;60&#8243; media_overlay_visible=&#8221;yes&#8221; media_overlay_anim=&#8221;no&#8221; media_text_visible=&#8221;yes&#8221; media_text_anim=&#8221;no&#8221; media_v_position=&#8221;bottom&#8221; media_padding=&#8221;2&#8243; media_title_dimension=&#8221;h1&#8243; media_title_custom=&#8221;PITCHES&#8221; media_link=&#8221;url:https%3A%2F%2Fadriatik-kamp.com%2Fhu%2Fpremium-tengerparti-parcellak%2F|title:Mobile%20Homes&#8221; uncode_shortcode_id=&#8221;659196&#8243; media_overlay_color_type=&#8221;uncode-palette&#8221; title=&#8221;Pr\u00e9mium Tengerparti Parcell\u00e1k&#8221;][\/vc_column][\/vc_row][vc_row row_height_percent=&#8221;0&#8243; override_padding=&#8221;yes&#8221; h_padding=&#8221;2&#8243; top_padding=&#8221;2&#8243; bottom_padding=&#8221;4&#8243; overlay_alpha=&#8221;50&#8243; equal_height=&#8221;yes&#8221; gutter_size=&#8221;3&#8243; column_width_percent=&#8221;100&#8243; shift_y=&#8221;0&#8243; z_index=&#8221;0&#8243;][vc_column width=&#8221;1\/2&#8243;][vc_single_image media=&#8221;7908&#8243; media_width_percent=&#8221;100&#8243; media_ratio=&#8221;four-three&#8221; shape=&#8221;img-round&#8221; radius=&#8221;std&#8221; advanced=&#8221;yes&#8221; media_items=&#8221;media|original&#8221; media_overlay_color=&#8221;color-jevc&#8221; media_overlay_coloration=&#8221;bottom_gradient&#8221; media_overlay_opacity=&#8221;60&#8243; media_overlay_visible=&#8221;yes&#8221; media_overlay_anim=&#8221;no&#8221; media_text_visible=&#8221;yes&#8221; media_text_anim=&#8221;no&#8221; media_v_position=&#8221;bottom&#8221; media_padding=&#8221;2&#8243; media_title_dimension=&#8221;h1&#8243; media_title_custom=&#8221;PITCHES&#8221; media_link=&#8221;url:https%3A%2F%2Fadriatik-kamp.com%2Fhu%2Fdeluxe-parcellak%2F|title:Mobile%20Homes&#8221; uncode_shortcode_id=&#8221;421652&#8243; media_overlay_color_type=&#8221;uncode-palette&#8221; title=&#8221;Deluxe Parcell\u00e1k&#8221;][\/vc_column][vc_column column_width_percent=&#8221;100&#8243; gutter_size=&#8221;3&#8243; overlay_alpha=&#8221;50&#8243; shift_x=&#8221;0&#8243; shift_y=&#8221;0&#8243; shift_y_down=&#8221;0&#8243; z_index=&#8221;0&#8243; medium_visibility=&#8221;yes&#8221; medium_width=&#8221;0&#8243; mobile_visibility=&#8221;yes&#8221; mobile_width=&#8221;0&#8243; width=&#8221;1\/2&#8243; uncode_shortcode_id=&#8221;213212&#8243;][vc_single_image media=&#8221;7820&#8243; media_width_percent=&#8221;100&#8243; media_ratio=&#8221;four-three&#8221; shape=&#8221;img-round&#8221; radius=&#8221;std&#8221; advanced=&#8221;yes&#8221; media_items=&#8221;media|original&#8221; media_overlay_color=&#8221;color-jevc&#8221; media_overlay_coloration=&#8221;bottom_gradient&#8221; media_overlay_opacity=&#8221;60&#8243; media_overlay_visible=&#8221;yes&#8221; media_overlay_anim=&#8221;no&#8221; media_text_visible=&#8221;yes&#8221; media_text_anim=&#8221;no&#8221; media_v_position=&#8221;bottom&#8221; media_padding=&#8221;2&#8243; media_title_dimension=&#8221;h1&#8243; media_title_custom=&#8221;PITCHES&#8221; media_link=&#8221;url:https%3A%2F%2Fadriatik-kamp.com%2Fhu%2Fstandard-tengerre-nezo-parcellak%2F|title:Mobile%20Homes&#8221; uncode_shortcode_id=&#8221;492553&#8243; media_overlay_color_type=&#8221;uncode-palette&#8221; title=&#8221;Standard tengerre n\u00e9z\u0151 parcell\u00e1k&#8221;][\/vc_column][\/vc_row][vc_row row_height_percent=&#8221;0&#8243; override_padding=&#8221;yes&#8221; h_padding=&#8221;2&#8243; top_padding=&#8221;2&#8243; bottom_padding=&#8221;4&#8243; overlay_alpha=&#8221;50&#8243; equal_height=&#8221;yes&#8221; gutter_size=&#8221;3&#8243; column_width_percent=&#8221;100&#8243; shift_y=&#8221;0&#8243; z_index=&#8221;0&#8243;][vc_column width=&#8221;1\/2&#8243;][vc_single_image media=&#8221;6789&#8243; media_width_percent=&#8221;100&#8243; media_ratio=&#8221;four-three&#8221; shape=&#8221;img-round&#8221; radius=&#8221;std&#8221; advanced=&#8221;yes&#8221; media_items=&#8221;media|original&#8221; media_overlay_color=&#8221;color-jevc&#8221; media_overlay_coloration=&#8221;bottom_gradient&#8221; media_overlay_opacity=&#8221;60&#8243; media_overlay_visible=&#8221;yes&#8221; media_overlay_anim=&#8221;no&#8221; media_text_visible=&#8221;yes&#8221; media_text_anim=&#8221;no&#8221; media_v_position=&#8221;bottom&#8221; media_padding=&#8221;2&#8243; media_title_dimension=&#8221;h1&#8243; media_title_custom=&#8221;PITCHES&#8221; media_link=&#8221;url:https%3A%2F%2Fadriatik-kamp.com%2Fhu%2Fstandard-parcellak-kempingre-nezo-kilatassal%2F|title:Mobile%20Homes&#8221; uncode_shortcode_id=&#8221;113289&#8243; media_overlay_color_type=&#8221;uncode-palette&#8221; title=&#8221;Standard parcell\u00e1k kempingre n\u00e9z\u0151 kil\u00e1t\u00e1ssal&#8221;][\/vc_column][vc_column column_width_percent=&#8221;100&#8243; gutter_size=&#8221;3&#8243; overlay_alpha=&#8221;50&#8243; shift_x=&#8221;0&#8243; shift_y=&#8221;0&#8243; shift_y_down=&#8221;0&#8243; z_index=&#8221;0&#8243; medium_visibility=&#8221;yes&#8221; medium_width=&#8221;0&#8243; mobile_visibility=&#8221;yes&#8221; mobile_width=&#8221;0&#8243; width=&#8221;1\/2&#8243; uncode_shortcode_id=&#8221;213212&#8243;][vc_single_image media=&#8221;7964&#8243; media_width_percent=&#8221;100&#8243; media_ratio=&#8221;four-three&#8221; shape=&#8221;img-round&#8221; radius=&#8221;std&#8221; advanced=&#8221;yes&#8221; media_items=&#8221;media|original&#8221; media_overlay_color=&#8221;color-jevc&#8221; media_overlay_coloration=&#8221;bottom_gradient&#8221; media_overlay_opacity=&#8221;60&#8243; media_overlay_visible=&#8221;yes&#8221; media_overlay_anim=&#8221;no&#8221; media_text_visible=&#8221;yes&#8221; media_text_anim=&#8221;no&#8221; media_v_position=&#8221;bottom&#8221; media_padding=&#8221;2&#8243; media_title_dimension=&#8221;h1&#8243; media_title_custom=&#8221;PITCHES&#8221; media_link=&#8221;url:https%3A%2F%2Fadriatik-kamp.com%2Fhu%2Fsatoros-zonak-a-tengerparton%2F|title:Mobile%20Homes&#8221; uncode_shortcode_id=&#8221;198796&#8243; media_overlay_color_type=&#8221;uncode-palette&#8221; title=&#8221;S\u00e1toros z\u00f3n\u00e1k a tengerparton&#8221;][\/vc_column][\/vc_row]<\/p>\n<\/div>","protected":false},"excerpt":{"rendered":"<p>[vc_row row_height_percent=&#8221;0&#8243; override_padding=&#8221;yes&#8221; h_padding=&#8221;2&#8243; top_padding=&#8221;3&#8243; bottom_padding=&#8221;2&#8243; overlay_alpha=&#8221;50&#8243; gutter_size=&#8221;3&#8243; column_width_percent=&#8221;100&#8243; shift_y=&#8221;0&#8243; z_index=&#8221;0&#8243;][vc_column column_width_percent=&#8221;100&#8243; gutter_size=&#8221;2&#8243; back_color=&#8221;color-207971&#8243; overlay_alpha=&#8221;50&#8243; border_color=&#8221;color-platinum&#8221; border_style=&#8221;solid&#8221; shift_x=&#8221;0&#8243; shift_y=&#8221;0&#8243; shift_y_down=&#8221;0&#8243; [&hellip;]<\/p>\n","protected":false},"author":6,"featured_media":7639,"parent":0,"menu_order":0,"comment_status":"closed","ping_status":"closed","template":"","meta":{"footnotes":""},"class_list":["post-8661","page","type-page","status-publish","has-post-thumbnail","hentry","page_category-index-hu"],"_links":{"self":[{"href":"https:\/\/adriatik-kamp.com\/hu\/wp-json\/wp\/v2\/pages\/8661","targetHints":{"allow":["GET"]}}],"collection":[{"href":"https:\/\/adriatik-kamp.com\/hu\/wp-json\/wp\/v2\/pages"}],"about":[{"href":"https:\/\/adriatik-kamp.com\/hu\/wp-json\/wp\/v2\/types\/page"}],"author":[{"embeddable":true,"href":"https:\/\/adriatik-kamp.com\/hu\/wp-json\/wp\/v2\/users\/6"}],"replies":[{"embeddable":true,"href":"https:\/\/adriatik-kamp.com\/hu\/wp-json\/wp\/v2\/comments?post=8661"}],"version-history":[{"count":6,"href":"https:\/\/adriatik-kamp.com\/hu\/wp-json\/wp\/v2\/pages\/8661\/revisions"}],"predecessor-version":[{"id":9907,"href":"https:\/\/adriatik-kamp.com\/hu\/wp-json\/wp\/v2\/pages\/8661\/revisions\/9907"}],"wp:featuredmedia":[{"embeddable":true,"href":"https:\/\/adriatik-kamp.com\/hu\/wp-json\/wp\/v2\/media\/7639"}],"wp:attachment":[{"href":"https:\/\/adriatik-kamp.com\/hu\/wp-json\/wp\/v2\/media?parent=8661"}],"curies":[{"name":"wp","href":"https:\/\/api.w.org\/{rel}","templated":true}]}}